{"id":5506,"date":"2023-02-13T20:25:55","date_gmt":"2023-02-13T19:25:55","guid":{"rendered":"https:\/\/web.natur.cuni.cz\/cvmr\/?page_id=5506"},"modified":"2023-02-13T20:25:55","modified_gmt":"2023-02-13T19:25:55","slug":"vyvojova-dynamika-segregace-a-socialniho-vylouceni-v-uzemi","status":"publish","type":"page","link":"https:\/\/web.natur.cuni.cz\/cvmr\/vyvojova-dynamika-segregace-a-socialniho-vylouceni-v-uzemi\/","title":{"rendered":"V\u00fdvojov\u00e1 dynamika segregace a soci\u00e1ln\u00edho vylou\u010den\u00ed v \u00fazem\u00ed"},"content":{"rendered":"\n<h5 class=\"wp-block-heading\" style=\"font-size:18px\"><strong>Projekt podpo\u0159en\u00fd Technologickou agenturou \u010cesk\u00e9 republiky, program \u00c9ta, \u010d. TL02000479<\/strong><\/h5>\n\n\n\n<div style=\"height:10px\" aria-hidden=\"true\" class=\"wp-block-spacer\"><\/div>\n\n\n\n<figure class=\"wp-block-image size-large is-resized is-style-default\"><a href=\"https:\/\/www.tacr.cz\/\"><img loading=\"lazy\" decoding=\"async\" src=\"http:\/\/web.natur.cuni.cz\/segregace\/wp-content\/uploads\/2023\/01\/LOGOLINK_ETA_R-1024x279.png\" alt=\"\" class=\"wp-image-5838\" width=\"792\" height=\"215\"\/><\/a><\/figure>\n\n\n\n<div style=\"height:25px\" aria-hidden=\"true\" class=\"wp-block-spacer\"><\/div>\n\n\n\n<h4 class=\"wp-block-heading\" style=\"font-size:18px\"><strong>\u0158e\u0161en\u00ed<\/strong><\/h4>\n\n\n\n<p style=\"font-size:18px\">1. 1. 2019 \u2013 31. 12. 2022<\/p>\n\n\n\n<hr class=\"wp-block-separator has-alpha-channel-opacity\"\/>\n\n\n\n<div style=\"height:25px\" aria-hidden=\"true\" class=\"wp-block-spacer\"><\/div>\n\n\n\n<h4 class=\"wp-block-heading\" style=\"font-size:25px\">V\u00fdstupy projektu&nbsp;<\/h4>\n\n\n\n<div style=\"height:25px\" aria-hidden=\"true\" class=\"wp-block-spacer\"><\/div>\n\n\n\n<p style=\"font-size:18px\">\u0158e\u0161itelsk\u00fd t\u00fdm projektu:<\/p>\n\n\n\n<ul class=\"wp-block-list\" style=\"font-size:18px\">\n<li>p\u0159ipravil, otestoval a pro vyu\u017eit\u00ed poskytnul metodiku identifikace a hodnocen\u00ed lokalit soci\u00e1ln\u00edho vylou\u010den\u00ed a segregace (a navazuj\u00edc\u00ed metodick\u00e9 postupy);<\/li>\n\n\n\n<li>vyvinul syst\u00e9m pr\u016fb\u011b\u017en\u00e9ho monitorov\u00e1n\u00ed a hodnocen\u00ed lokalit soci\u00e1ln\u00edho vylou\u010den\u00ed a segregace na m\u011b\u0159\u00edtkov\u00fdch \u00farovn\u00edch lokalit (z\u00e1kladn\u00edch s\u00eddeln\u00edch jednotek), m\u011bst a obc\u00ed (ve m\u011bstech m\u011bstsk\u00fdch \u010d\u00e1st\u00ed), obvod\u016f ORP a kraj\u016f;<\/li>\n\n\n\n<li>p\u0159ipravil a poskytnul hodnocen\u00ed lokalit soci\u00e1ln\u00edho vylou\u010den\u00ed a segregace za obdob\u00ed 2015-2021;<\/li>\n\n\n\n<li>vyvinul online dostupn\u00e9 mapov\u00e9 a datov\u00e9 aplikace, kter\u00e9 zprost\u0159edkov\u00e1vaj\u00ed v\u00fdsledky anal\u00fdz a hodnocen\u00ed soci\u00e1ln\u00edho vylou\u010den\u00ed a segregace v&nbsp;\u00fazem\u00ed.<\/li>\n<\/ul>\n\n\n\n<div style=\"height:25px\" aria-hidden=\"true\" class=\"wp-block-spacer\"><\/div>\n\n\n\n<h4 class=\"wp-block-heading\" style=\"font-size:25px\">Zam\u011b\u0159en\u00ed projektu a jeho spole\u010densk\u00fd p\u0159\u00ednos&nbsp;<\/h4>\n\n\n\n<div style=\"height:25px\" aria-hidden=\"true\" class=\"wp-block-spacer\"><\/div>\n\n\n\n<p style=\"font-size:18px\">Hlavn\u00edm smyslem projektu je p\u0159isp\u011bt k&nbsp;prevenci segregace a reagovat tak na marginalizaci znev\u00fdhodn\u011bn\u00fdch soci\u00e1ln\u00edch skupin ohro\u017een\u00fdch soci\u00e1ln\u00edm vylou\u010den\u00edm. Jednou ze z\u00e1sadn\u00edch v\u00fdzev, kter\u00fdm \u010del\u00ed sou\u010dasn\u00e1 \u010desk\u00e1 spole\u010dnost, je marginalizace znev\u00fdhodn\u011bn\u00fdch soci\u00e1ln\u00edch skupin ohro\u017een\u00fdch soci\u00e1ln\u00edm vylou\u010den\u00edm. Nejt\u00ed\u017eiv\u011bj\u0161\u00ed je situace v takzvan\u00fdch soci\u00e1ln\u011b vylou\u010den\u00fdch lokalit\u00e1ch, kter\u00e9 se vyzna\u010duj\u00ed nejen deprivac\u00ed a exkluz\u00ed, ale tak\u00e9 segregac\u00ed, je\u017e soci\u00e1ln\u00ed vylou\u010den\u00ed d\u00e1le prohlubuje t\u00edm, \u017ee segregovanou populaci izoluje od spole\u010dnosti a t\u00edm omezuje mo\u017enosti pro jej\u00ed integraci. I p\u0159es pozitivn\u00ed ekonomick\u00fd v\u00fdvoj v&nbsp;letech 2015-2020 pokra\u010dovala koncentrace soci\u00e1ln\u011b znev\u00fdhodn\u011bn\u00fdch obyvatel do soci\u00e1ln\u011b vylou\u010den\u00fdch a segregovan\u00fdch lokalit. Nep\u0159\u00edzniv\u00e1 situace vol\u00e1 po d\u016fsledn\u00e9 prevenci segregace zalo\u017een\u00e9 na detailn\u00edm analytick\u00e9m hodnocen\u00ed stavu a trend\u016f. Z\u00e1kladn\u00edm p\u0159edpokladem vyu\u017e\u00edv\u00e1n\u00ed n\u00e1stroj\u016f a aktivit zam\u011b\u0159en\u00fdch na&nbsp;prevenci segregace a to ve smyslu zm\u00edr\u0148ov\u00e1n\u00ed vliv\u016f segregace, odstra\u0148ov\u00e1n\u00ed p\u0159\u00ed\u010din segregace a zamezov\u00e1n\u00ed vzniku nov\u00fdch segregovan\u00fdch a soci\u00e1ln\u011b vylou\u010den\u00fdch lokalit, je systematick\u00e9, pr\u016fb\u011b\u017en\u00e9 a dlouhodob\u00e9 hodnocen\u00ed a poskytov\u00e1n\u00ed jeho v\u00fdsledk\u016f zainteresovan\u00fdm instituc\u00edm.&nbsp;<\/p>\n\n\n\n<div style=\"height:25px\" aria-hidden=\"true\" class=\"wp-block-spacer\"><\/div>\n\n\n\n<h4 class=\"wp-block-heading\" style=\"font-size:25px\">C\u00edle projektu&nbsp;<\/h4>\n\n\n\n<div style=\"height:25px\" aria-hidden=\"true\" class=\"wp-block-spacer\"><\/div>\n\n\n\n<p style=\"font-size:18px\">Hlavn\u00edm c\u00edlem projektu je p\u0159i vyu\u017eit\u00ed inovativn\u00edch analytick\u00fdch postup\u016f vyhodnotit stav a v\u00fdvoj segregace na cel\u00e9m \u00fazem\u00ed \u010ceska, ve velmi detailn\u00edm m\u011b\u0159\u00edtku za lokality, a v\u00fdsledky hodnocen\u00ed poskytnout prost\u0159ednictv\u00edm online dostupn\u00e9ho syst\u00e9mu zainteresovan\u00fdm u\u017eivatel\u016fm.&nbsp;<\/p>\n\n\n\n<p style=\"font-size:18px\">Projekt m\u00e1 v\u00fdzkumn\u00e9 analytick\u00e9 c\u00edle v oblasti identifikace lokalit segregace, vyhodnocen\u00ed jejich postaven\u00ed v r\u00e1mci obce, ORP, kraje a st\u00e1tu a hodnocen\u00ed dynamiky jejich v\u00fdvoje. Vedle v\u00fdsledk\u016f anal\u00fdz je z\u00e1sadn\u00edm c\u00edlem p\u0159\u00edprava metodick\u00fdch postup\u016f a datov\u00fdch zdroj\u016f slou\u017e\u00edc\u00edch ke standardizovan\u00e9mu a opakovan\u00e9mu hodnocen\u00ed na \u00farovni lokalit (z\u00e1kladn\u00edch s\u00eddeln\u00edch jednotek) a pota\u017emo obc\u00ed a obvod\u016f ORP.&nbsp;&nbsp;<\/p>\n\n\n\n<p style=\"font-size:18px\">Druh\u00fdm z\u00e1sadn\u00edm c\u00edlem je v\u00fdsledky anal\u00fdz prezentovat ve srozumiteln\u00e9 podob\u011b spektru akt\u00e9r\u016f, kte\u0159\u00ed je mohou vyu\u017e\u00edt ve sv\u00e9 \u010dinnosti, aktu\u00e1ln\u00edch rozhodnut\u00edch, politick\u00fdch opat\u0159en\u00edch a p\u0159i p\u0159\u00edprav\u011b dlouhodob\u00fdch strategi\u00ed. K tomu projekt vyu\u017e\u00edv\u00e1 postupy experiment\u00e1ln\u00edho v\u00fdvoje zam\u011b\u0159en\u00e9ho na p\u0159\u00edpravu informa\u010dn\u00edho syst\u00e9mu, kter\u00fd prost\u0159ednictv\u00edm online zobraziteln\u00fdch map a dat poskytuje vizualizaci v\u00fdsledk\u016f a hodnocen\u00ed pro u\u017eivatele zejm\u00e9na z m\u011bst a obc\u00ed, centr\u00e1ln\u00edch a krajsk\u00fdch \u00fa\u0159ad\u016f, ad.<\/p>\n\n\n\n<div style=\"height:25px\" aria-hidden=\"true\" class=\"wp-block-spacer\"><\/div>\n\n\n\n<h4 class=\"wp-block-heading\" style=\"font-size:25px\">Novost a inovativnost \u0159e\u0161en\u00ed<\/h4>\n\n\n\n<div style=\"height:25px\" aria-hidden=\"true\" class=\"wp-block-spacer\"><\/div>\n\n\n\n<p style=\"font-size:18px\">Projekt vyu\u017e\u00edv\u00e1 inovativn\u00ed analytick\u00e9 postupy slou\u017e\u00edc\u00ed k&nbsp;systematick\u00e9mu hodnocen\u00ed stavu a v\u00fdvoje segregace na cel\u00e9m \u00fazem\u00ed \u010ceska, a to ve velmi podrobn\u00e9m m\u011b\u0159\u00edtku na \u00farovni lokalit (ZSJ) a z\u00e1rove\u0148 v&nbsp;souhrnn\u00e9m hodnocen\u00ed za obce, u m\u011bst i za m\u011bstsk\u00e9 \u010d\u00e1sti, spr\u00e1vn\u00ed obvody obc\u00ed s&nbsp;roz\u0161\u00ed\u0159enou p\u016fsobnost\u00ed (ORP), kraje a \u010cesko celkem. Pro hodnocen\u00ed vyu\u017e\u00edv\u00e1 unik\u00e1tn\u00ed informa\u010dn\u00ed datab\u00e1zi poskytnutou MPSV \u010cR o po\u010dtech osob pob\u00edraj\u00edc\u00edch d\u00e1vky podpory v hmotn\u00e9 nouzi (konkr\u00e9tn\u011b o po\u010dtech spole\u010dn\u011b posuzovan\u00fdch osob pro poskytnut\u00ed p\u0159\u00edsp\u011bvku na \u017eivobyt\u00ed) a to ve velk\u00e9m prostorov\u00e9m detailu 22,5 tis\u00edce z\u00e1kladn\u00edch s\u00eddeln\u00edch jednotek (ZSJ) a to pro obdob\u00ed 2015-2021. D\u00edky t\u00e9to unik\u00e1tn\u00ed datov\u00e9 z\u00e1kladn\u011b se projekt zam\u011b\u0159uje na v\u00fdvoj a aplikaci nov\u00fdch metodick\u00fdch postup\u016f pro analytick\u00e9 hodnocen\u00ed segregace, automatizaci pr\u016fb\u011b\u017en\u011b aktualizovan\u00e9ho hodnocen\u00ed a inovativn\u00ed zp\u016fsoby prezentace analytick\u00fdch v\u00fdsledk\u016f prost\u0159ednictv\u00edm online dostupn\u00fdch map a dat.<\/p>\n\n\n\n<p style=\"font-size:18px\">Projekt p\u0159in\u00e1\u0161\u00ed syst\u00e9m pr\u016fb\u011b\u017en\u00e9ho monitorov\u00e1n\u00ed a hodnocen\u00ed a to d\u00edky standardizaci hodnocen\u00ed, kter\u00e1 jsou realizov\u00e1na opakovan\u011b a umo\u017e\u0148uj\u00ed tak identifikovat probl\u00e9mov\u00e9 v\u00fdvojov\u00e9 trendy a jimi ovlivn\u011bn\u00e9 lokality. Hodnocen\u00ed jsou zalo\u017een\u00e1 na metodick\u00fdch postupech testovan\u00fdch ve spolupr\u00e1ci s&nbsp;aplika\u010dn\u00edmi garanty, jimi\u017e jsou Ministerstvo pr\u00e1ce a soci\u00e1ln\u00edch v\u011bc\u00ed, Ministerstvo pro m\u00edstn\u00ed rozvoj (Agentura\/odbor pro soci\u00e1ln\u00ed za\u010dle\u0148ov\u00e1n\u00ed), m\u011bsto Ostrava a m\u011bsto Plze\u0148. P\u0159\u00ednosem je vyu\u017eit\u00ed geoinforma\u010dn\u00edch technik a jejich vyu\u017eit\u00ed pro online dostupnou vizualizaci mapov\u00fdch a datov\u00fdch hodnocen\u00ed, je\u017e jsou prost\u0159ednictv\u00edm webov\u00fdch aplikac\u00ed dostupn\u00e9 \u0161irok\u00e9mu spektru koncov\u00fdch u\u017eivatel\u016f ze strany centr\u00e1ln\u00edch org\u00e1n\u016f, m\u011bst a obc\u00ed, kraj\u016f, a dal\u0161\u00edch.<\/p>\n\n\n\n<div style=\"height:30px\" aria-hidden=\"true\" class=\"wp-block-spacer\"><\/div>\n\n\n\n<h4 class=\"wp-block-heading\" style=\"font-size:25px\">Aplika\u010dn\u00ed garanti<\/h4>\n\n\n\n<div style=\"height:25px\" aria-hidden=\"true\" class=\"wp-block-spacer\"><\/div>\n\n\n\n<p style=\"font-size:18px\">1. Ministerstvo pr\u00e1ce a soci\u00e1ln\u00edch v\u011bc\u00ed \u010cR, Odbor soci\u00e1ln\u00edch slu\u017eeb a inspekce soci\u00e1ln\u00edch slu\u017eeb &#8211; Barbora \u0160. Sta\u0161kov\u00e1, M.A., hlavn\u00ed garant projektu Podpora soci\u00e1ln\u00edho bydlen\u00ed<\/p>\n\n\n\n<p style=\"font-size:18px\">2. Ministerstvo pro m\u00edstn\u00ed rozvoj \u010cR, Agentura (Odbor) pro soci\u00e1ln\u00ed za\u010dle\u0148ov\u00e1n\u00ed (p\u0159i zah\u00e1jen\u00ed projektu sou\u010d\u00e1st \u00da\u0159adu vl\u00e1dy \u010cR) \u2013 RNDr. Roman Matou\u0161ek, Ph.D., vedouc\u00ed odd\u011blen\u00ed inovac\u00ed a tvorby politik&nbsp;<\/p>\n\n\n\n<p style=\"font-size:18px\">3. Magistr\u00e1t m\u011bsta Plzn\u011b, Odbor dostupn\u00e9ho bydlen\u00ed a soci\u00e1ln\u00edho za\u010dle\u0148ov\u00e1n\u00ed \u2013 Mgr. Karol\u00edna Vodi\u010dkov\u00e1, MBA &#8211; vedouc\u00ed Odboru dostupn\u00e9ho bydlen\u00ed a soci\u00e1ln\u00edho za\u010dle\u0148ov\u00e1n\u00ed<\/p>\n\n\n\n<p style=\"font-size:18px\">4. Magistr\u00e1t m\u011bsta Ostravy, Odbor soci\u00e1ln\u00edch v\u011bc\u00ed a zdravotnictv\u00ed \u2013 Mgr. Marek Mikulec, Ph.D., koordin\u00e1tor programu soci\u00e1ln\u00edho bydlen\u00ed<\/p>\n\n\n\n<div style=\"height:25px\" aria-hidden=\"true\" class=\"wp-block-spacer\"><\/div>\n\n\n\n<p style=\"font-size:18px\">Z\u00e1sadn\u00ed je role MPSV \u010cR, jeliko\u017e projekt p\u0159isp\u00edv\u00e1 k napln\u011bn\u00ed prioritn\u00edho v\u00fdzkumn\u00e9ho c\u00edle Ministerstva pr\u00e1ce a soci\u00e1ln\u00edch v\u011bc\u00ed \u010cR pro pot\u0159eby 2. ve\u0159ejn\u00e9 sout\u011b\u017ee programu \u00c9TA MPSV \u010cR: Soci\u00e1ln\u00ed slu\u017eby a soci\u00e1ln\u00ed pr\u00e1ce, a z\u00e1rove\u0148 MPSV \u010cR poskytuje data nezbytn\u00e1 pro \u00fasp\u011b\u0161nou realizaci anal\u00fdz a jejich poskytnut\u00ed zainteresovan\u00fdm u\u017eivatel\u016fm. Ob\u011b centr\u00e1ln\u00ed instituce st\u00e1tn\u00ed spr\u00e1vy poskytuj\u00ed zp\u011btn\u00e9 vazby k&nbsp;\u0159e\u0161en\u00ed, pod\u00edl\u00ed se na \u0161\u00ed\u0159en\u00ed v\u00fdsledk\u016f prost\u0159ednictv\u00edm prezentac\u00ed, semin\u00e1\u0159\u016f a konferenc\u00ed a vyu\u017eit\u00ed v\u00fdsledk\u016f v&nbsp;rozhodov\u00e1n\u00ed (aktu\u00e1ln\u011b v&nbsp;r\u00e1mci v\u00fdzev opera\u010dn\u00edch program\u016f OPZ a IROP). Oba aplika\u010dn\u00ed garanti z&nbsp;m\u011bst se pod\u00edl\u00ed na testov\u00e1n\u00ed a pilotov\u00e1n\u00ed postup\u016f ve m\u011bstech, poskytov\u00e1n\u00ed zp\u011btn\u00e9 vazby k&nbsp;v\u00fdsledk\u016fm projektu pro m\u011bsta a vyu\u017eit\u00ed v\u00fdsledk\u016f a v\u00fdstup\u016f v&nbsp;lok\u00e1ln\u00edm kontextu m\u011bst.<\/p>\n\n\n\n<div style=\"height:25px\" aria-hidden=\"true\" class=\"wp-block-spacer\"><\/div>\n\n\n\n<h4 class=\"wp-block-heading\" style=\"font-size:25px\">\u0158e\u0161itelsk\u00fd t\u00fdm<\/h4>\n\n\n\n<div style=\"height:25px\" aria-hidden=\"true\" class=\"wp-block-spacer\"><\/div>\n\n\n\n<h6 class=\"wp-block-heading\" style=\"font-size:18px\"><strong>Kl\u00ed\u010dov\u00e9 osoby<\/strong><\/h6>\n\n\n\n<div style=\"height:25px\" aria-hidden=\"true\" class=\"wp-block-spacer\"><\/div>\n\n\n\n<p style=\"font-size:18px\">prof. RNDr. Lud\u011bk S\u00fdkora, Ph.D. \u2013 hlavn\u00ed \u0159e\u0161itel (2019-2022)<\/p>\n\n\n\n<p style=\"font-size:18px\">doc. RNDr. Jaroslav Burian, Ph.D. (2019-2021)<\/p>\n\n\n\n<p style=\"font-size:18px\">doc. RNDr. Ji\u0159ina Kocourkov\u00e1, Ph.D. (2019-2020)<\/p>\n\n\n\n<p style=\"font-size:18px\">RNDr. Pavl\u00edna Netrdov\u00e1, Ph.D. (2019-2022)<\/p>\n\n\n\n<p style=\"font-size:18px\">RNDr. Lud\u011bk \u0160\u00eddlo, Ph.D. (2021-2022)<\/p>\n\n\n\n<p style=\"font-size:18px\">Mgr. Luk\u00e1\u0161 Br\u016fha, Ph.D. (2019-2022)<\/p>\n\n\n\n<p style=\"font-size:18px\">Mgr. Kl\u00e1ra Fiedlerov\u00e1, Ph.D. (2019-2020)<\/p>\n\n\n\n<p style=\"font-size:18px\">RNDr. Ekaterina Ignatyeva (2019-2021)<\/p>\n\n\n\n<div style=\"height:25px\" aria-hidden=\"true\" class=\"wp-block-spacer\"><\/div>\n\n\n\n<h6 class=\"wp-block-heading\" style=\"font-size:18px\"><strong>Dal\u0161\u00ed osoby pod\u00edlej\u00edc\u00ed se na \u0159e\u0161en\u00ed&nbsp;<\/strong><\/h6>\n\n\n\n<div style=\"height:25px\" aria-hidden=\"true\" class=\"wp-block-spacer\"><\/div>\n\n\n\n<p style=\"font-size:18px\">RNDr. Tom\u00e1\u0161 Brabec, Ph.D. (2019-2022)<\/p>\n\n\n\n<p style=\"font-size:18px\">RNDr. Jakub Lys\u00e1k, Ph.D. (2019-2022)<\/p>\n\n\n\n<p style=\"font-size:18px\">Mgr. Jan Kuranda (2019-2022)<\/p>\n\n\n\n<p style=\"font-size:18px\">Mgr. Otakar Bursa (2020-2021)<\/p>\n\n\n\n<p style=\"font-size:18px\">Mgr. Marek Hojs\u00edk (2021-2022)<\/p>\n\n\n\n<p style=\"font-size:18px\">Mgr. Adam Martinek (2022)<\/p>\n\n\n\n<div style=\"height:25px\" aria-hidden=\"true\" class=\"wp-block-spacer\"><\/div>\n\n\n\n<h6 class=\"wp-block-heading\" style=\"font-size:18px\"><strong>Technick\u00e1, administrativn\u00ed a organiza\u010dn\u00ed podpora<\/strong><\/h6>\n\n\n\n<div style=\"height:25px\" aria-hidden=\"true\" class=\"wp-block-spacer\"><\/div>\n\n\n\n<p style=\"font-size:18px\">Jarmila Teskov\u00e1 (2019-2021)<\/p>\n\n\n\n<figure class=\"wp-block-image size-large\"><img decoding=\"async\" src=\"https:\/\/web.natur.cuni.cz\/segregace\/wp-content\/uploads\/2022\/11\/podekovani-2-1-1024x384.png\" alt=\"\" class=\"wp-image-5617\"\/><\/figure>\n","protected":false},"excerpt":{"rendered":"<p>Projekt podpo\u0159en\u00fd Technologickou agenturou \u010cesk\u00e9 republiky, program \u00c9ta, \u010d. TL02000479 \u0158e\u0161en\u00ed 1. 1. 2019 \u2013 31. 12. 2022 V\u00fdstupy projektu&nbsp; \u0158e\u0161itelsk\u00fd t\u00fdm projektu: Zam\u011b\u0159en\u00ed projektu a jeho spole\u010densk\u00fd p\u0159\u00ednos&nbsp; Hlavn\u00edm smyslem projektu je p\u0159isp\u011bt k&nbsp;prevenci segregace a reagovat tak na marginalizaci znev\u00fdhodn\u011bn\u00fdch soci\u00e1ln\u00edch skupin ohro\u017een\u00fdch soci\u00e1ln\u00edm vylou\u010den\u00edm. Jednou ze z\u00e1sadn\u00edch v\u00fdzev, kter\u00fdm \u010del\u00ed sou\u010dasn\u00e1 \u010desk\u00e1 [&hellip;]<\/p>\n","protected":false},"author":3,"featured_media":0,"parent":0,"menu_order":0,"comment_status":"closed","ping_status":"closed","template":"","meta":{"_uag_custom_page_level_css":"","footnotes":""},"class_list":["post-5506","page","type-page","status-publish","hentry"],"uagb_featured_image_src":{"full":false,"thumbnail":false,"medium":false,"medium_large":false,"large":false,"1536x1536":false,"2048x2048":false},"uagb_author_info":{"display_name":"Martinek","author_link":"https:\/\/web.natur.cuni.cz\/cvmr\/author\/martinek\/"},"uagb_comment_info":0,"uagb_excerpt":"Projekt podpo\u0159en\u00fd Technologickou agenturou \u010cesk\u00e9 republiky, program \u00c9ta, \u010d. TL02000479 \u0158e\u0161en\u00ed 1. 1. 2019 \u2013 31. 12. 2022 V\u00fdstupy projektu&nbsp; \u0158e\u0161itelsk\u00fd t\u00fdm projektu: Zam\u011b\u0159en\u00ed projektu a jeho spole\u010densk\u00fd p\u0159\u00ednos&nbsp; Hlavn\u00edm smyslem projektu je p\u0159isp\u011bt k&nbsp;prevenci segregace a reagovat tak na marginalizaci znev\u00fdhodn\u011bn\u00fdch soci\u00e1ln\u00edch skupin ohro\u017een\u00fdch soci\u00e1ln\u00edm vylou\u010den\u00edm. Jednou ze z\u00e1sadn\u00edch v\u00fdzev, kter\u00fdm \u010del\u00ed sou\u010dasn\u00e1 \u010desk\u00e1&hellip;","_links":{"self":[{"href":"https:\/\/web.natur.cuni.cz\/cvmr\/wp-json\/wp\/v2\/pages\/5506","targetHints":{"allow":["GET"]}}],"collection":[{"href":"https:\/\/web.natur.cuni.cz\/cvmr\/wp-json\/wp\/v2\/pages"}],"about":[{"href":"https:\/\/web.natur.cuni.cz\/cvmr\/wp-json\/wp\/v2\/types\/page"}],"author":[{"embeddable":true,"href":"https:\/\/web.natur.cuni.cz\/cvmr\/wp-json\/wp\/v2\/users\/3"}],"replies":[{"embeddable":true,"href":"https:\/\/web.natur.cuni.cz\/cvmr\/wp-json\/wp\/v2\/comments?post=5506"}],"version-history":[{"count":1,"href":"https:\/\/web.natur.cuni.cz\/cvmr\/wp-json\/wp\/v2\/pages\/5506\/revisions"}],"predecessor-version":[{"id":5507,"href":"https:\/\/web.natur.cuni.cz\/cvmr\/wp-json\/wp\/v2\/pages\/5506\/revisions\/5507"}],"wp:attachment":[{"href":"https:\/\/web.natur.cuni.cz\/cvmr\/wp-json\/wp\/v2\/media?parent=5506"}],"curies":[{"name":"wp","href":"https:\/\/api.w.org\/{rel}","templated":true}]}}