{"id":5419,"date":"2022-11-01T01:00:57","date_gmt":"2022-11-01T00:00:57","guid":{"rendered":"https:\/\/web.natur.cuni.cz\/segregace\/?page_id=5419"},"modified":"2023-02-13T15:18:32","modified_gmt":"2023-02-13T14:18:32","slug":"aplikace","status":"publish","type":"page","link":"https:\/\/web.natur.cuni.cz\/segregace\/aplikace\/","title":{"rendered":"Aplikace"},"content":{"rendered":"\n<p style=\"font-size:18px\">Online webov\u00e9 mapov\u00e9 a datov\u00e9 aplikace prezentuj\u00ed v\u00fdsledky anal\u00fdz a hodnocen\u00ed soci\u00e1ln\u00edho vylou\u010den\u00ed a segregace v\u00a0\u00fazem\u00ed za obdob\u00ed 2015-2021. Aplikace zprost\u0159edkov\u00e1vaj\u00ed informace ze syst\u00e9mu pr\u016fb\u011b\u017en\u00e9ho monitorov\u00e1n\u00ed a hodnocen\u00ed lokalit soci\u00e1ln\u00edho vylou\u010den\u00ed a segregace na m\u011b\u0159\u00edtkov\u00fdch \u00farovn\u00edch lokalit (z\u00e1kladn\u00edch s\u00eddeln\u00edch jednotek), m\u011bst a obc\u00ed (ve m\u011bstech m\u011bstsk\u00fdch \u010d\u00e1st\u00ed), obvod\u016f ORP a kraj\u016f. Informace jsou v\u00fdsledky anal\u00fdz dat poskytnut\u00fdch MPSV \u010cR a \u010cS\u00da a zpracovan\u00fdch podle metodiky identifikace a hodnocen\u00ed lokalit soci\u00e1ln\u00edho vylou\u010den\u00ed a segregace a navazuj\u00edc\u00edch metodick\u00fdch postup\u016f.<\/p>\n\n\n\n<div style=\"height:25px\" aria-hidden=\"true\" class=\"wp-block-spacer\"><\/div>\n\n\n\n<p style=\"font-size:18px\"><strong><a href=\"https:\/\/web.natur.cuni.cz\/segregace\/dataseg\/\" target=\"_blank\" rel=\"noreferrer noopener\">Data vyu\u017e\u00edvan\u00e1 v aplikac\u00edch na t\u00e9ma soci\u00e1ln\u00ed vylou\u010den\u00ed a segregace<\/a><\/strong><\/p>\n\n\n\n<div style=\"height:25px\" aria-hidden=\"true\" class=\"wp-block-spacer\"><\/div>\n\n\n\n<p style=\"font-size:18px\">Aplikace byly vytvo\u0159en\u00e9 v&nbsp;r\u00e1mci projektu TA&nbsp;\u010cR, program \u00c9ta, \u010d. TL02000479, <a href=\"https:\/\/web.natur.cuni.cz\/segregace\/projekt\/\" target=\"_blank\" rel=\"noreferrer noopener\">V\u00fdvojov\u00e1 dynamika segregace a soci\u00e1ln\u00edho vylou\u010den\u00ed v&nbsp;\u00fazem\u00ed<\/a>.<\/p>\n\n\n\n<div style=\"height:25px\" aria-hidden=\"true\" class=\"wp-block-spacer\"><\/div>\n\n\n\n<p style=\"font-size:18px\">Aplikacemi, mo\u017enostmi, kter\u00e9 nab\u00edz\u00ed, a jejich pou\u017eit\u00edm v\u00e1s provede <strong>StoryMap &#8220;Segregace a soci\u00e1ln\u00ed vylou\u010den\u00ed: interaktivn\u00ed online webov\u00e9 a mapov\u00e9 aplikace&#8221;<\/strong><\/p>\n\n\n\n<p><strong>Odkaz na storymap: <\/strong><a href=\"https:\/\/lokality.page.link\/StoryMapSegregace\">https:\/\/lokality.page.link\/StoryMapSegregace<\/a><\/p>\n\n\n\n<div style=\"height:25px\" aria-hidden=\"true\" class=\"wp-block-spacer\"><\/div>\n\n\n\n<p style=\"font-size:25px\">N\u00e1hled StoryMap<\/p>\n\n\n\n<iframe loading=\"lazy\" src=\"https:\/\/storymaps.arcgis.com\/stories\/091b2eb9e224420cb2c19321c97178ba?header\" allowfullscreen=\"\" allow=\"geolocation\" width=\"100%\" height=\"500px\" frameborder=\"0\"><\/iframe>\n\n\n\n<div class=\"wp-block-buttons is-content-justification-center is-layout-flex wp-container-core-buttons-is-layout-1 wp-block-buttons-is-layout-flex\"><\/div>\n\n\n\n<div style=\"height:25px\" aria-hidden=\"true\" class=\"wp-block-spacer\"><\/div>\n\n\n\n<hr class=\"wp-block-separator has-alpha-channel-opacity\"\/>\n\n\n\n<h4 class=\"wp-block-heading\" style=\"font-size:30px\">Seznam aplikac\u00ed<\/h4>\n\n\n\n<div style=\"height:50px\" aria-hidden=\"true\" class=\"wp-block-spacer\"><\/div>\n\n\n\n<h5 class=\"wp-block-heading\" style=\"font-size:18px\"><strong>Lokality soci\u00e1ln\u00edho vylou\u010den\u00ed a segregace<\/strong><\/h5>\n\n\n\n<p style=\"font-size:18px\"><a href=\"https:\/\/lokality.page.link\/segregace_op\" target=\"_blank\" rel=\"noreferrer noopener\">https:\/\/lokality.page.link\/segregace_op<\/a><\/p>\n\n\n\n<p><\/p>\n\n\n\n<div class=\"wp-block-buttons is-content-justification-center is-layout-flex wp-container-core-buttons-is-layout-2 wp-block-buttons-is-layout-flex\">\n<div class=\"wp-block-button has-custom-font-size is-style-outline is-style-outline--1\" style=\"font-size:18px\"><a class=\"wp-block-button__link has-white-background-color has-text-color has-background wp-element-button\" href=\"https:\/\/lokality.page.link\/segregace_op\" style=\"color:#008dd3\" target=\"_blank\" rel=\"noreferrer noopener\"><strong>Vstup do aplikace<\/strong><\/a><\/div>\n<\/div>\n\n\n\n<p><\/p>\n\n\n\n<figure class=\"wp-block-image size-large\"><a href=\"https:\/\/lokality.page.link\/segregace_op\"><img loading=\"lazy\" decoding=\"async\" width=\"1024\" height=\"576\" src=\"https:\/\/web.natur.cuni.cz\/segregace\/wp-content\/uploads\/2022\/11\/Lokality-AbsK-w-1-1024x576.jpg\" alt=\"\" class=\"wp-image-5429\" srcset=\"https:\/\/web.natur.cuni.cz\/segregace\/wp-content\/uploads\/2022\/11\/Lokality-AbsK-w-1-1024x576.jpg 1024w, https:\/\/web.natur.cuni.cz\/segregace\/wp-content\/uploads\/2022\/11\/Lokality-AbsK-w-1-300x169.jpg 300w, https:\/\/web.natur.cuni.cz\/segregace\/wp-content\/uploads\/2022\/11\/Lokality-AbsK-w-1-768x432.jpg 768w, https:\/\/web.natur.cuni.cz\/segregace\/wp-content\/uploads\/2022\/11\/Lokality-AbsK-w-1-1536x864.jpg 1536w, https:\/\/web.natur.cuni.cz\/segregace\/wp-content\/uploads\/2022\/11\/Lokality-AbsK-w-1.jpg 1811w\" sizes=\"auto, (max-width: 1024px) 100vw, 1024px\" \/><\/a><\/figure>\n\n\n\n<hr class=\"wp-block-separator has-alpha-channel-opacity\"\/>\n\n\n\n<p><\/p>\n\n\n\n<h5 class=\"wp-block-heading\" style=\"font-size:18px\"><strong>Dynamika soci\u00e1ln\u00edho vylou\u010den\u00ed: v\u00fdvoj prostorov\u00e9ho rozm\u00edst\u011bn\u00ed osob v hmotn\u00e9 nouzi<\/strong><\/h5>\n\n\n\n<p style=\"font-size:18px\"><a href=\"https:\/\/lokality.page.link\/segregace_dynamika\" target=\"_blank\" rel=\"noreferrer noopener\">https:\/\/lokality.page.link\/segregace_dynamika<\/a><\/p>\n\n\n\n<p><\/p>\n\n\n\n<div class=\"wp-block-buttons is-content-justification-center is-layout-flex wp-container-core-buttons-is-layout-3 wp-block-buttons-is-layout-flex\">\n<div class=\"wp-block-button has-custom-font-size is-style-outline is-style-outline--2\" style=\"font-size:18px\"><a class=\"wp-block-button__link has-white-background-color has-text-color has-background wp-element-button\" href=\"https:\/\/lokality.page.link\/segregace_dynamika\" style=\"color:#008dd3\" target=\"_blank\" rel=\"noreferrer noopener\"><strong>Vstup do aplikace<\/strong><\/a><\/div>\n<\/div>\n\n\n\n<p><\/p>\n\n\n\n<figure class=\"wp-block-image size-large\"><a href=\"https:\/\/lokality.page.link\/segregace_dynamika\"><img loading=\"lazy\" decoding=\"async\" width=\"1024\" height=\"576\" src=\"https:\/\/web.natur.cuni.cz\/segregace\/wp-content\/uploads\/2022\/11\/Dynamika-CR-w-1024x576.jpg\" alt=\"\" class=\"wp-image-5422\" srcset=\"https:\/\/web.natur.cuni.cz\/segregace\/wp-content\/uploads\/2022\/11\/Dynamika-CR-w-1024x576.jpg 1024w, https:\/\/web.natur.cuni.cz\/segregace\/wp-content\/uploads\/2022\/11\/Dynamika-CR-w-300x169.jpg 300w, https:\/\/web.natur.cuni.cz\/segregace\/wp-content\/uploads\/2022\/11\/Dynamika-CR-w-768x432.jpg 768w, https:\/\/web.natur.cuni.cz\/segregace\/wp-content\/uploads\/2022\/11\/Dynamika-CR-w-1536x864.jpg 1536w, https:\/\/web.natur.cuni.cz\/segregace\/wp-content\/uploads\/2022\/11\/Dynamika-CR-w-2048x1152.jpg 2048w\" sizes=\"auto, (max-width: 1024px) 100vw, 1024px\" \/><\/a><\/figure>\n\n\n\n<hr class=\"wp-block-separator has-alpha-channel-opacity\"\/>\n\n\n\n<p><\/p>\n\n\n\n<h5 class=\"wp-block-heading\" style=\"font-size:18px\"><strong>Nadpr\u016fm\u011brn\u00fd v\u00fdskyt osob v hmotn\u00e9 nouzi<\/strong><\/h5>\n\n\n\n<p style=\"font-size:18px\"><a href=\"https:\/\/lokality.page.link\/segregace_hn\" target=\"_blank\" rel=\"noreferrer noopener\">https:\/\/lokality.page.link\/segregace_hn<\/a><\/p>\n\n\n\n<p><\/p>\n\n\n\n<div class=\"wp-block-buttons is-content-justification-center is-layout-flex wp-container-core-buttons-is-layout-4 wp-block-buttons-is-layout-flex\">\n<div class=\"wp-block-button has-custom-font-size is-style-outline is-style-outline--3\" style=\"font-size:18px\"><a class=\"wp-block-button__link has-white-background-color has-text-color has-background wp-element-button\" href=\"https:\/\/lokality.page.link\/segregace_hn\" style=\"color:#008dd3\" target=\"_blank\" rel=\"noreferrer noopener\"><strong>Vstup do aplikace<\/strong><\/a><\/div>\n<\/div>\n\n\n\n<p><\/p>\n\n\n\n<figure class=\"wp-block-image size-large\"><img loading=\"lazy\" decoding=\"async\" width=\"1024\" height=\"576\" src=\"https:\/\/web.natur.cuni.cz\/segregace\/wp-content\/uploads\/2022\/11\/Plus-minus-CR-w-1024x576.jpg\" alt=\"\" class=\"wp-image-5424\" srcset=\"https:\/\/web.natur.cuni.cz\/segregace\/wp-content\/uploads\/2022\/11\/Plus-minus-CR-w-1024x576.jpg 1024w, https:\/\/web.natur.cuni.cz\/segregace\/wp-content\/uploads\/2022\/11\/Plus-minus-CR-w-300x169.jpg 300w, https:\/\/web.natur.cuni.cz\/segregace\/wp-content\/uploads\/2022\/11\/Plus-minus-CR-w-768x432.jpg 768w, https:\/\/web.natur.cuni.cz\/segregace\/wp-content\/uploads\/2022\/11\/Plus-minus-CR-w-1536x864.jpg 1536w, https:\/\/web.natur.cuni.cz\/segregace\/wp-content\/uploads\/2022\/11\/Plus-minus-CR-w-2048x1152.jpg 2048w\" sizes=\"auto, (max-width: 1024px) 100vw, 1024px\" \/><\/figure>\n\n\n\n<hr class=\"wp-block-separator has-alpha-channel-opacity\"\/>\n\n\n\n<p><\/p>\n\n\n\n<h5 class=\"wp-block-heading\" style=\"font-size:18px\"><strong>Lokality reziden\u010dn\u00ed segregace<\/strong><\/h5>\n\n\n\n<p style=\"font-size:18px\"><a href=\"https:\/\/lokality.page.link\/segregace\" target=\"_blank\" rel=\"noreferrer noopener\">https:\/\/lokality.page.link\/segregace<\/a><\/p>\n\n\n\n<p><\/p>\n\n\n\n<div class=\"wp-block-buttons is-content-justification-center is-layout-flex wp-container-core-buttons-is-layout-5 wp-block-buttons-is-layout-flex\">\n<div class=\"wp-block-button has-custom-font-size is-style-outline is-style-outline--4\" style=\"font-size:18px\"><a class=\"wp-block-button__link has-white-background-color has-text-color has-background wp-element-button\" href=\"https:\/\/lokality.page.link\/segregace\" style=\"color:#008dd3\" target=\"_blank\" rel=\"noreferrer noopener\"><strong>Vstup do aplikace<\/strong><\/a><\/div>\n<\/div>\n\n\n\n<p><\/p>\n\n\n\n<figure class=\"wp-block-image size-large\"><a href=\"https:\/\/lokality.page.link\/segregace\"><img loading=\"lazy\" decoding=\"async\" width=\"1024\" height=\"576\" src=\"https:\/\/web.natur.cuni.cz\/segregace\/wp-content\/uploads\/2022\/12\/Lokality-resid-segregace-w-1024x576.jpg\" alt=\"\" class=\"wp-image-5742\" srcset=\"https:\/\/web.natur.cuni.cz\/segregace\/wp-content\/uploads\/2022\/12\/Lokality-resid-segregace-w-1024x576.jpg 1024w, https:\/\/web.natur.cuni.cz\/segregace\/wp-content\/uploads\/2022\/12\/Lokality-resid-segregace-w-300x169.jpg 300w, https:\/\/web.natur.cuni.cz\/segregace\/wp-content\/uploads\/2022\/12\/Lokality-resid-segregace-w-768x432.jpg 768w, https:\/\/web.natur.cuni.cz\/segregace\/wp-content\/uploads\/2022\/12\/Lokality-resid-segregace-w.jpg 1451w\" sizes=\"auto, (max-width: 1024px) 100vw, 1024px\" \/><\/a><\/figure>\n\n\n\n<div class=\"wp-block-media-text alignwide has-media-on-the-right is-stacked-on-mobile\"><div class=\"wp-block-media-text__content\">\n<h5 class=\"wp-block-heading\" style=\"font-size:25px\">Mobiln\u00ed telefon<\/h5>\n\n\n\n<div style=\"height:25px\" aria-hidden=\"true\" class=\"wp-block-spacer\"><\/div>\n\n\n\n<p style=\"font-size:18px\">Mapov\u00e9 a datov\u00e9 aplikace je mo\u017en\u00e9 pou\u017e\u00edvat i na mobiln\u00edm telefonu. Aplikace sice nenajdete v&nbsp;obchod\u011b s&nbsp;aplikacemi, nicm\u00e9n\u011b si jejich ikonu pro spu\u0161t\u011bn\u00ed m\u016f\u017eete p\u0159idat na plochu telefonu n\u00e1sleduj\u00edc\u00edm zp\u016fsobem. Spus\u0165te aplikaci v&nbsp;prohl\u00ed\u017ee\u010di (Google Chrome) a v&nbsp;nastaven\u00ed zvolte \u201ep\u0159idat na plochu\u201c a p\u0159\u00edpadn\u011b upravte n\u00e1zev. Na plochu se v\u00e1m p\u0159id\u00e1 ikona s&nbsp;odkazem na webovou str\u00e1nku aplikace.<\/p>\n\n\n\n<p style=\"font-size:18px\">Kliknut\u00edm na ikonu ter\u010de  <img loading=\"lazy\" decoding=\"async\" width=\"30\" height=\"30\" class=\"wp-image-5775\" style=\"width: 30px;\" src=\"http:\/\/web.natur.cuni.cz\/segregace\/wp-content\/uploads\/2022\/12\/arcgis_icons.png\" alt=\"\">&nbsp;se v map\u011b zobraz\u00ed va\u0161e aktu\u00e1ln\u00ed poloha.<\/p>\n<\/div><figure class=\"wp-block-media-text__media\"><img loading=\"lazy\" decoding=\"async\" width=\"501\" height=\"1024\" src=\"https:\/\/web.natur.cuni.cz\/segregace\/wp-content\/uploads\/2022\/11\/Mobil-tel-app-1-501x1024.jpg\" alt=\"\" class=\"wp-image-5427 size-full\" srcset=\"https:\/\/web.natur.cuni.cz\/segregace\/wp-content\/uploads\/2022\/11\/Mobil-tel-app-1-501x1024.jpg 501w, https:\/\/web.natur.cuni.cz\/segregace\/wp-content\/uploads\/2022\/11\/Mobil-tel-app-1-147x300.jpg 147w, https:\/\/web.natur.cuni.cz\/segregace\/wp-content\/uploads\/2022\/11\/Mobil-tel-app-1-768x1570.jpg 768w, https:\/\/web.natur.cuni.cz\/segregace\/wp-content\/uploads\/2022\/11\/Mobil-tel-app-1-751x1536.jpg 751w, https:\/\/web.natur.cuni.cz\/segregace\/wp-content\/uploads\/2022\/11\/Mobil-tel-app-1-1002x2048.jpg 1002w, https:\/\/web.natur.cuni.cz\/segregace\/wp-content\/uploads\/2022\/11\/Mobil-tel-app-1.jpg 1047w\" sizes=\"auto, (max-width: 501px) 100vw, 501px\" \/><\/figure><\/div>\n\n\n\n<p>\/image<\/p>\n","protected":false},"excerpt":{"rendered":"<p>Online webov\u00e9 mapov\u00e9 a datov\u00e9 aplikace prezentuj\u00ed v\u00fdsledky anal\u00fdz a hodnocen\u00ed soci\u00e1ln\u00edho vylou\u010den\u00ed a segregace v\u00a0\u00fazem\u00ed za obdob\u00ed 2015-2021. Aplikace zprost\u0159edkov\u00e1vaj\u00ed informace ze syst\u00e9mu pr\u016fb\u011b\u017en\u00e9ho monitorov\u00e1n\u00ed a hodnocen\u00ed lokalit soci\u00e1ln\u00edho vylou\u010den\u00ed a segregace na m\u011b\u0159\u00edtkov\u00fdch \u00farovn\u00edch lokalit (z\u00e1kladn\u00edch s\u00eddeln\u00edch jednotek), m\u011bst a obc\u00ed (ve m\u011bstech m\u011bstsk\u00fdch \u010d\u00e1st\u00ed), obvod\u016f ORP a kraj\u016f. Informace jsou v\u00fdsledky anal\u00fdz [&hellip;]<\/p>\n","protected":false},"author":3,"featured_media":0,"parent":0,"menu_order":0,"comment_status":"closed","ping_status":"closed","template":"","meta":{"_uag_custom_page_level_css":"","footnotes":""},"class_list":["post-5419","page","type-page","status-publish","hentry"],"uagb_featured_image_src":{"full":false,"thumbnail":false,"medium":false,"medium_large":false,"large":false,"1536x1536":false,"2048x2048":false},"uagb_author_info":{"display_name":"Adam Martinek","author_link":"https:\/\/web.natur.cuni.cz\/segregace\/author\/martinek\/"},"uagb_comment_info":0,"uagb_excerpt":"Online webov\u00e9 mapov\u00e9 a datov\u00e9 aplikace prezentuj\u00ed v\u00fdsledky anal\u00fdz a hodnocen\u00ed soci\u00e1ln\u00edho vylou\u010den\u00ed a segregace v\u00a0\u00fazem\u00ed za obdob\u00ed 2015-2021. Aplikace zprost\u0159edkov\u00e1vaj\u00ed informace ze syst\u00e9mu pr\u016fb\u011b\u017en\u00e9ho monitorov\u00e1n\u00ed a hodnocen\u00ed lokalit soci\u00e1ln\u00edho vylou\u010den\u00ed a segregace na m\u011b\u0159\u00edtkov\u00fdch \u00farovn\u00edch lokalit (z\u00e1kladn\u00edch s\u00eddeln\u00edch jednotek), m\u011bst a obc\u00ed (ve m\u011bstech m\u011bstsk\u00fdch \u010d\u00e1st\u00ed), obvod\u016f ORP a kraj\u016f. Informace jsou v\u00fdsledky anal\u00fdz&hellip;","_links":{"self":[{"href":"https:\/\/web.natur.cuni.cz\/segregace\/wp-json\/wp\/v2\/pages\/5419","targetHints":{"allow":["GET"]}}],"collection":[{"href":"https:\/\/web.natur.cuni.cz\/segregace\/wp-json\/wp\/v2\/pages"}],"about":[{"href":"https:\/\/web.natur.cuni.cz\/segregace\/wp-json\/wp\/v2\/types\/page"}],"author":[{"embeddable":true,"href":"https:\/\/web.natur.cuni.cz\/segregace\/wp-json\/wp\/v2\/users\/3"}],"replies":[{"embeddable":true,"href":"https:\/\/web.natur.cuni.cz\/segregace\/wp-json\/wp\/v2\/comments?post=5419"}],"version-history":[{"count":43,"href":"https:\/\/web.natur.cuni.cz\/segregace\/wp-json\/wp\/v2\/pages\/5419\/revisions"}],"predecessor-version":[{"id":5995,"href":"https:\/\/web.natur.cuni.cz\/segregace\/wp-json\/wp\/v2\/pages\/5419\/revisions\/5995"}],"wp:attachment":[{"href":"https:\/\/web.natur.cuni.cz\/segregace\/wp-json\/wp\/v2\/media?parent=5419"}],"curies":[{"name":"wp","href":"https:\/\/api.w.org\/{rel}","templated":true}]}}